{"id":5345,"date":"2025-06-08T02:54:40","date_gmt":"2025-06-08T00:54:40","guid":{"rendered":"https:\/\/ordrepharmacien.bf\/?page_id=5345"},"modified":"2025-06-30T18:09:10","modified_gmt":"2025-06-30T16:09:10","slug":"le-conseil-national","status":"publish","type":"page","link":"https:\/\/ordrepharmacien.bf\/index.php\/le-conseil-national\/","title":{"rendered":"Le Conseil national"},"content":{"rendered":"\t\t<div data-elementor-type=\"wp-page\" data-elementor-id=\"5345\" class=\"elementor elementor-5345\">\n\t\t\t\t        <section class=\"elementor-section elementor-top-section elementor-element elementor-element-7e585e5 elementor-section-boxed elementor-section-height-default elementor-section-height-default ct-header-fixed-none ct-row-max-none\" data-id=\"7e585e5\" data-element_type=\"section\">\n            \n                        <div class=\"elementor-container elementor-column-gap-extended \">\n                    <div class=\"elementor-column elementor-col-33 elementor-top-column elementor-element elementor-element-3e8f632\" data-id=\"3e8f632\" data-element_type=\"column\">\n        <div class=\"elementor-widget-wrap elementor-element-populated\">\n                    \n        \r\n\t\t<div class=\"elementor-element elementor-element-18b3fbd elementor-widget elementor-widget-ct_navigation_menu\" data-id=\"18b3fbd\" data-element_type=\"widget\" data-widget_type=\"ct_navigation_menu.default\">\n\t\t\t\t<div class=\"elementor-widget-container\">\n\t\t\t\t\t    <div id=\"ct_navigation_menu-18b3fbd\" class=\"ct-navigation-menu1 style-modern\">\r\n        <div class=\"menu-menu-ordre-container\"><ul id=\"menu-menu-ordre\" class=\"menu\"><li id=\"menu-item-5376\" class=\"menu-item menu-item-type-post_type menu-item-object-page menu-item-5376\"><a href=\"https:\/\/ordrepharmacien.bf\/index.php\/presentationxx\/\">Pr\u00e9sentation<\/a><\/li>\n<li id=\"menu-item-5388\" class=\"menu-item menu-item-type-post_type menu-item-object-page menu-item-5388\"><a href=\"https:\/\/ordrepharmacien.bf\/index.php\/historique\/\">Historique<\/a><\/li>\n<li id=\"menu-item-5387\" class=\"menu-item menu-item-type-post_type menu-item-object-page menu-item-5387\"><a href=\"https:\/\/ordrepharmacien.bf\/index.php\/le-conseil-national\/\">Le Conseil national<\/a><\/li>\n<li id=\"menu-item-5386\" class=\"menu-item menu-item-type-post_type menu-item-object-page menu-item-5386\"><a href=\"https:\/\/ordrepharmacien.bf\/index.php\/les-conseils-regionaux\/\">Les conseils r\u00e9gionaux<\/a><\/li>\n<\/ul><\/div>    <\/div>\r\n\t\t\t\t<\/div>\n\t\t\t\t<\/div>\n\t\t\t\t<div class=\"elementor-element elementor-element-35e6a1a elementor-widget elementor-widget-spacer\" data-id=\"35e6a1a\" data-element_type=\"widget\" data-widget_type=\"spacer.default\">\n\t\t\t\t<div class=\"elementor-widget-container\">\n\t\t\t\t\t\t\t<div class=\"elementor-spacer\">\n\t\t\t<div class=\"elementor-spacer-inner\"><\/div>\n\t\t<\/div>\n\t\t\t\t\t\t<\/div>\n\t\t\t\t<\/div>\n\t\t\t\t<div class=\"elementor-element elementor-element-ffe5bda elementor-widget elementor-widget-ct_heading\" data-id=\"ffe5bda\" data-element_type=\"widget\" data-widget_type=\"ct_heading.default\">\n\t\t\t\t<div class=\"elementor-widget-container\">\n\t\t\t\t\t<div id=\"ct_heading-ffe5bda\" class=\"ct-heading h-align- sub-style1 ct-heading-left item-st-default\">\r\n    <div class=\"ct-item--inner\">\r\n        <div class=\"ct-inline-css\" data-css=\"\r\n            \">\r\n        <\/div>\r\n                <h3 class=\"item--title st-default case-animate-time\" data-wow-delay=\"ms\">\r\n                        <span class=\"sp-main\">\r\n                \r\n                Contact\r\n                \r\n                            <\/span>\r\n                    <\/h3>\r\n    <\/div>\r\n<\/div>\t\t\t\t<\/div>\n\t\t\t\t<\/div>\n\t\t\t\t<div class=\"elementor-element elementor-element-167807b elementor-widget elementor-widget-ct_contact_info\" data-id=\"167807b\" data-element_type=\"widget\" data-widget_type=\"ct_contact_info.default\">\n\t\t\t\t<div class=\"elementor-widget-container\">\n\t\t\t\t\t    <ul id=\"ct_contact_info-167807b\" class=\"ct-contact-info ct-contact-info1 style2 \">\r\n        <div class=\"ct-inline-css\"  data-css=\"\r\n            \">\r\n\r\n        <\/div>\r\n                    <li>\r\n            \t\t\t\t        <span class=\"ct-contact-icon\">\r\n\t\t                <i aria-hidden=\"true\" class=\"fas fa-map-marked-alt\"><\/i>\t\t                \t\t\t        <\/span>\r\n\t\t\t                                                        <span class=\"ct-contact-content\">\r\n                       Secteur 14, Non loin de H\u00f4pital st Camille de Ouaga                    <\/span>\r\n                           <\/li>\r\n                    <li>\r\n            \t\t\t\t        <span class=\"ct-contact-icon\">\r\n\t\t                <i aria-hidden=\"true\" class=\"material zmdi zmdi-phone\"><\/i>\t\t                \t\t\t        <\/span>\r\n\t\t\t                                                        <span class=\"ct-contact-content\">\r\n                       +226 25 36 00 25 <br \/>\n+226 70 26 77\u00a065                    <\/span>\r\n                           <\/li>\r\n                    <li>\r\n            \t\t\t\t        <span class=\"ct-contact-icon\">\r\n\t\t                <i aria-hidden=\"true\" class=\"material zmdi zmdi-email-open\"><\/i>\t\t                \t\t\t        <\/span>\r\n\t\t\t                                                        <span class=\"ct-contact-content\">\r\n                       pharamacienbf@gmail.com                    <\/span>\r\n                           <\/li>\r\n            <\/ul>\r\n\t\t\t\t<\/div>\n\t\t\t\t<\/div>\n\t\t\t\t<div class=\"elementor-element elementor-element-db7b746 elementor-widget elementor-widget-spacer\" data-id=\"db7b746\" data-element_type=\"widget\" data-widget_type=\"spacer.default\">\n\t\t\t\t<div class=\"elementor-widget-container\">\n\t\t\t\t\t\t\t<div class=\"elementor-spacer\">\n\t\t\t<div class=\"elementor-spacer-inner\"><\/div>\n\t\t<\/div>\n\t\t\t\t\t\t<\/div>\n\t\t\t\t<\/div>\n\t\t            <\/div>\n        <\/div>\n                <div class=\"elementor-column elementor-col-66 elementor-top-column elementor-element elementor-element-bd2c24c\" data-id=\"bd2c24c\" data-element_type=\"column\">\n        <div class=\"elementor-widget-wrap elementor-element-populated\">\n                    \n        \t\t<div class=\"elementor-element elementor-element-fda5edc elementor-widget elementor-widget-ct_heading\" data-id=\"fda5edc\" data-element_type=\"widget\" data-widget_type=\"ct_heading.default\">\n\t\t\t\t<div class=\"elementor-widget-container\">\n\t\t\t\t\t<div id=\"ct_heading-fda5edc\" class=\"ct-heading h-align- sub-style9 ct-heading-left item-st-default\">\r\n    <div class=\"ct-item--inner\">\r\n        <div class=\"ct-inline-css\" data-css=\"\r\n            \">\r\n        <\/div>\r\n                    <div class=\"item--sub-title style9 show-line\">\r\n                                                                Le Conseil National de l\u2019Ordre                                                                    <span class=\"line-left\"><\/span>\r\n                    <span class=\"line-right\"><\/span>\r\n                                            <\/div>\r\n                <h3 class=\"item--title st-default wow wow fadeInUp\" data-wow-delay=\"ms\">\r\n                        <span class=\"sp-main\">\r\n                \r\n                \r\n                \r\n                            <\/span>\r\n                    <\/h3>\r\n    <\/div>\r\n<\/div>\t\t\t\t<\/div>\n\t\t\t\t<\/div>\n\t\t\t\t<div class=\"elementor-element elementor-element-fd082b9 elementor-widget elementor-widget-text-editor\" data-id=\"fd082b9\" data-element_type=\"widget\" data-widget_type=\"text-editor.default\">\n\t\t\t\t<div class=\"elementor-widget-container\">\n\t\t\t\t\t\t\t\t\t<p>Le Conseil National de l\u2019Ordre est charg\u00e9 :\u00a0<\/p>\t\t\t\t\t\t\t\t<\/div>\n\t\t\t\t<\/div>\n\t\t\t\t<div class=\"elementor-element elementor-element-fad2feb elementor-widget elementor-widget-ct_list\" data-id=\"fad2feb\" data-element_type=\"widget\" data-widget_type=\"ct_list.default\">\n\t\t\t\t<div class=\"elementor-widget-container\">\n\t\t\t\t\t    <div class=\"ct-list style1 \">\r\n                    <div class=\"ct-list-item \" data-wow-delay=\"ms\">\r\n            \t<div class=\"ct-list-icon\">\r\n                                            <i class=\"fac fac-check-circle\"><\/i>\r\n                                    <\/div>\r\n            \t<div class=\"ct-list-meta\">\r\n\t            \t<div class=\"ct-list-desc\">\r\n\t            \t\tde coordonner les actions des conseils r\u00e9gionaux\u00a0;\t            \t<\/div>\r\n                    \t            <\/div>\r\n           <\/div>\r\n                    <div class=\"ct-list-item \" data-wow-delay=\"ms\">\r\n            \t<div class=\"ct-list-icon\">\r\n                                            <i class=\"fac fac-check-circle\"><\/i>\r\n                                    <\/div>\r\n            \t<div class=\"ct-list-meta\">\r\n\t            \t<div class=\"ct-list-desc\">\r\n\t            \t\td\u2019\u00e9laborer et soumettre pour approbation au congr\u00e8s, le code de d\u00e9ontologie des pharmaciens\u00a0;\t            \t<\/div>\r\n                    \t            <\/div>\r\n           <\/div>\r\n                    <div class=\"ct-list-item \" data-wow-delay=\"ms\">\r\n            \t<div class=\"ct-list-icon\">\r\n                                            <i class=\"fac fac-check-circle\"><\/i>\r\n                                    <\/div>\r\n            \t<div class=\"ct-list-meta\">\r\n\t            \t<div class=\"ct-list-desc\">\r\n\t            \t\tde proposer \u00e0 l\u2019approbation du congr\u00e8s de l\u2019Ordre, les adaptations n\u00e9cessaires du code de d\u00e9ontologie des pharmaciens\u00a0;\t            \t<\/div>\r\n                    \t            <\/div>\r\n           <\/div>\r\n                    <div class=\"ct-list-item \" data-wow-delay=\"ms\">\r\n            \t<div class=\"ct-list-icon\">\r\n                                            <i class=\"fac fac-check-circle\"><\/i>\r\n                                    <\/div>\r\n            \t<div class=\"ct-list-meta\">\r\n\t            \t<div class=\"ct-list-desc\">\r\n\t            \t\tde donner de sa propre initiative ou \u00e0 la demande de l\u2019autorit\u00e9 publique, d\u2019organisme publics ou d\u2019organisations professionnelle, des avis motiv\u00e9s sur les questions de principe ou de r\u00e8gles de d\u00e9ontologie professionnelle \t            \t<\/div>\r\n                    \t            <\/div>\r\n           <\/div>\r\n                    <div class=\"ct-list-item \" data-wow-delay=\"ms\">\r\n            \t<div class=\"ct-list-icon\">\r\n                                            <i class=\"fac fac-check-circle\"><\/i>\r\n                                    <\/div>\r\n            \t<div class=\"ct-list-meta\">\r\n\t            \t<div class=\"ct-list-desc\">\r\n\t            \t\td\u2019autoriser le Pr\u00e9sident du Conseil National \u00e0 ester en justice au nom de l\u2019Ordre \t            \t<\/div>\r\n                    \t            <\/div>\r\n           <\/div>\r\n                    <div class=\"ct-list-item \" data-wow-delay=\"ms\">\r\n            \t<div class=\"ct-list-icon\">\r\n                                            <i class=\"fac fac-check-circle\"><\/i>\r\n                                    <\/div>\r\n            \t<div class=\"ct-list-meta\">\r\n\t            \t<div class=\"ct-list-desc\">\r\n\t            \t\tde tenir \u00e0 jour le tableau de l\u2019Ordre et assurer sa publication\t            \t<\/div>\r\n                    \t            <\/div>\r\n           <\/div>\r\n                    <div class=\"ct-list-item \" data-wow-delay=\"ms\">\r\n            \t<div class=\"ct-list-icon\">\r\n                                            <i class=\"fac fac-check-circle\"><\/i>\r\n                                    <\/div>\r\n            \t<div class=\"ct-list-meta\">\r\n\t            \t<div class=\"ct-list-desc\">\r\n\t            \t\tde tenir \u00e0 jour un r\u00e9pertoire des d\u00e9cisions disciplinaires\t            \t<\/div>\r\n                    \t            <\/div>\r\n           <\/div>\r\n                    <div class=\"ct-list-item \" data-wow-delay=\"ms\">\r\n            \t<div class=\"ct-list-icon\">\r\n                                            <i class=\"fac fac-check-circle\"><\/i>\r\n                                    <\/div>\r\n            \t<div class=\"ct-list-meta\">\r\n\t            \t<div class=\"ct-list-desc\">\r\n\t            \t\tde g\u00e9rer les biens de l\u2019Ordre \t            \t<\/div>\r\n                    \t            <\/div>\r\n           <\/div>\r\n                    <div class=\"ct-list-item \" data-wow-delay=\"ms\">\r\n            \t<div class=\"ct-list-icon\">\r\n                                            <i class=\"fac fac-check-circle\"><\/i>\r\n                                    <\/div>\r\n            \t<div class=\"ct-list-meta\">\r\n\t            \t<div class=\"ct-list-desc\">\r\n\t            \t\tde cr\u00e9er ou subventionner en cas de besoins des \u0153uvres int\u00e9ressant la profession ainsi que les \u0153uvres d\u2019entraide ou de retraite au b\u00e9n\u00e9fice des membres de l\u2019Ordre ou de leurs ayant droit\t            \t<\/div>\r\n                    \t            <\/div>\r\n           <\/div>\r\n                    <div class=\"ct-list-item \" data-wow-delay=\"ms\">\r\n            \t<div class=\"ct-list-icon\">\r\n                                            <i class=\"fac fac-check-circle\"><\/i>\r\n                                    <\/div>\r\n            \t<div class=\"ct-list-meta\">\r\n\t            \t<div class=\"ct-list-desc\">\r\n\t            \t\tde rendre compte au congr\u00e8s de l\u2019Ordre de ses activit\u00e9s et de l\u2019\u00e9tat de ses ressources\t            \t<\/div>\r\n                    \t            <\/div>\r\n           <\/div>\r\n                    <div class=\"ct-list-item \" data-wow-delay=\"ms\">\r\n            \t<div class=\"ct-list-icon\">\r\n                                            <i class=\"fac fac-check-circle\"><\/i>\r\n                                    <\/div>\r\n            \t<div class=\"ct-list-meta\">\r\n\t            \t<div class=\"ct-list-desc\">\r\n\t            \t\td\u2019assister les membres de l\u2019Ordre en cas de litiges opposant un membre \u00e0 un tiers dans le cadre de la profession\t            \t<\/div>\r\n                    \t            <\/div>\r\n           <\/div>\r\n            <\/div>\r\n\t\t\t\t<\/div>\n\t\t\t\t<\/div>\n\t\t\t\t<div class=\"elementor-element elementor-element-7c2a249 elementor-widget elementor-widget-text-editor\" data-id=\"7c2a249\" data-element_type=\"widget\" data-widget_type=\"text-editor.default\">\n\t\t\t\t<div class=\"elementor-widget-container\">\n\t\t\t\t\t\t\t\t\t<p>Le conseil peut cr\u00e9er des commissions techniques comp\u00e9tentes pour donner des avis sur l\u2019exercice sp\u00e9cifique de diverses cat\u00e9gories professionnelles, pour r\u00e9fl\u00e9chir sur les probl\u00e8mes de sant\u00e9 ou d\u2019organisation des services pharmaceutiques. Le si\u00e8ge du Conseil National de l\u2019Ordre est fix\u00e9 \u00e0 Ouagadougou. Il peut \u00eatre transf\u00e9r\u00e9 en tout autre lieu du territoire national de l\u2019Ordre ainsi que les modalit\u00e9s d\u2019\u00e9lection sont d\u00e9finies par le r\u00e8glement int\u00e9rieur. Les attributions, le fonctionnement et la dur\u00e9e du mandat des membres du conseil national de l\u2019Ordre sont pr\u00e9cis\u00e9s par le r\u00e8glement int\u00e9rieur.<\/p><p>Le conseil national de l\u2019Ordre est assist\u00e9 de deux commissaires aux comptes \u00e9lus dans les m\u00eames conditions que les membres du conseil national et au cours du m\u00eame scrutin.<\/p>\t\t\t\t\t\t\t\t<\/div>\n\t\t\t\t<\/div>\n\t\t            <\/div>\n        <\/div>\n                    <\/div>\n        <\/section>\n                <section class=\"elementor-section elementor-top-section elementor-element elementor-element-c31f368 elementor-section-boxed elementor-section-height-default elementor-section-height-default ct-header-fixed-none ct-row-max-none\" data-id=\"c31f368\" data-element_type=\"section\">\n            \n                        <div class=\"elementor-container elementor-column-gap-extended \">\n                    <div class=\"elementor-column elementor-col-100 elementor-top-column elementor-element elementor-element-f42776f\" data-id=\"f42776f\" data-element_type=\"column\">\n        <div class=\"elementor-widget-wrap elementor-element-populated\">\n                    \n        \t\t<div class=\"elementor-element elementor-element-0f6fda7 elementor-widget elementor-widget-ct_cta\" data-id=\"0f6fda7\" data-element_type=\"widget\" data-widget_type=\"ct_cta.default\">\n\t\t\t\t<div class=\"elementor-widget-container\">\n\t\t\t\t\t<div class=\"ct-cta1 \">\r\n            <div class=\"item--holder\">\r\n            <span class=\"item--title\">Composition des bureaux de l&#039;ONPBF<\/span>\r\n            <span class=\"item--desc\">La fiche complete\u2026<\/span>\r\n        <\/div>\r\n                <div class=\"item--button\">\r\n            <a class=\"btn btn-white\" href=\"https:\/\/ordrepharmacien.bf\/wp-content\/uploads\/2025\/06\/POSTERS-MEMBRES-DES-BUREAUX-DES-ONPBF-1.pdf\" target=\"_blank\">\r\n                                    <i aria-hidden=\"true\" class=\"fas fa-cloud-download-alt\"><\/i>                                T\u00e9l\u00e9charger            <\/a>\r\n        <\/div>\r\n    <\/div>\r\n\t\t\t\t<\/div>\n\t\t\t\t<\/div>\n\t\t            <\/div>\n        <\/div>\n                    <\/div>\n        <\/section>\n        \t\t<\/div>\n\t\t","protected":false},"excerpt":{"rendered":"<p>Pr\u00e9sentation Historique Le Conseil national Les conseils r\u00e9gionaux Contact Secteur 14, Non loin de H\u00f4pital st Camille de Ouaga +226 25 36 00 25 +226 70 26 77\u00a065 pharamacienbf@gmail.com Le Conseil National de l\u2019Ordre Le Conseil National de l\u2019Ordre est charg\u00e9 :\u00a0 de coordonner les actions des conseils r\u00e9gionaux\u00a0; d\u2019\u00e9laborer et soumettre pour approbation au [&hellip;]<\/p>\n","protected":false},"author":1,"featured_media":0,"parent":0,"menu_order":0,"comment_status":"closed","ping_status":"closed","template":"","meta":{"footnotes":""},"class_list":["post-5345","page","type-page","status-publish","hentry"],"_links":{"self":[{"href":"https:\/\/ordrepharmacien.bf\/index.php\/wp-json\/wp\/v2\/pages\/5345","targetHints":{"allow":["GET"]}}],"collection":[{"href":"https:\/\/ordrepharmacien.bf\/index.php\/wp-json\/wp\/v2\/pages"}],"about":[{"href":"https:\/\/ordrepharmacien.bf\/index.php\/wp-json\/wp\/v2\/types\/page"}],"author":[{"embeddable":true,"href":"https:\/\/ordrepharmacien.bf\/index.php\/wp-json\/wp\/v2\/users\/1"}],"replies":[{"embeddable":true,"href":"https:\/\/ordrepharmacien.bf\/index.php\/wp-json\/wp\/v2\/comments?post=5345"}],"version-history":[{"count":0,"href":"https:\/\/ordrepharmacien.bf\/index.php\/wp-json\/wp\/v2\/pages\/5345\/revisions"}],"wp:attachment":[{"href":"https:\/\/ordrepharmacien.bf\/index.php\/wp-json\/wp\/v2\/media?parent=5345"}],"curies":[{"name":"wp","href":"https:\/\/api.w.org\/{rel}","templated":true}]}}